{"id":44952,"date":"2018-03-30T22:05:00","date_gmt":"2018-03-30T20:05:00","guid":{"rendered":"https:\/\/cvestavayer.ch\/fr\/?page_id=44952"},"modified":"2026-01-05T21:00:42","modified_gmt":"2026-01-05T20:00:42","slug":"benevoles","status":"publish","type":"page","link":"https:\/\/cvestavayer.ch\/fr\/club\/benevoles\/","title":{"rendered":"B\u00e9n\u00e9voles CVE"},"content":{"rendered":"\n<p>Vous souhaitez vous inscrire comme b\u00e9n\u00e9vole pour une manifestation du CVE? Cette page a \u00e9t\u00e9 cr\u00e9\u00e9e pour vous!<\/p>\n\n\n\n<p>Acc\u00e9dez au plan de travail actualis\u00e9 et faites part de vos disponibilit\u00e9s en remplissant le formulaire correspondant. Nos responsables b\u00e9n\u00e9voles prendront ensuite contact avec vous! Vous pouvez \u00e9galement les contacter directement par mail \u00e0 <a href=\"mailto:benevoles@cvestavayer.ch\">benevoles(@)cvestavayer.ch<\/a>.<\/p>\n\n\n\n<hr class=\"wp-block-separator has-alpha-channel-opacity is-style-wide\"\/>\n\n\n\n<h1 class=\"wp-block-heading\"><strong>Manifestations 2026<\/strong><\/h1>\n\n\n\n<h2 class=\"wp-block-heading has-light-gray-background-color has-background\">PM\/CSP Optimist 2-3 mai 2026<\/h2>\n\n\n\n<div class=\"wp-block-media-text has-media-on-the-right is-stacked-on-mobile\"><div class=\"wp-block-media-text__content\">\n<div class=\"wp-block-buttons is-layout-flex wp-block-buttons-is-layout-flex\">\n<div class=\"wp-block-button\"><a class=\"wp-block-button__link wp-element-button\" href=\"https:\/\/docs.google.com\/spreadsheets\/d\/e\/2PACX-1vQhpX7usH_O9vDbDNvqGZ_mMB1XkxImUzLZ9DgY0a2un-NAwSFvcJxpwbWrRXEQzQ\/pubhtml?gid=1248923038&amp;single=true\">Plan de travail<\/a><\/div>\n<\/div>\n\n\n\n<hr class=\"wp-block-separator has-alpha-channel-opacity\"\/>\n\n\n\n<div class=\"wp-block-buttons is-layout-flex wp-block-buttons-is-layout-flex\">\n<div class=\"wp-block-button popmake-46574\"><a class=\"wp-block-button__link wp-element-button\" href=\"http:\/\/popmake-46574\">Je m&rsquo;inscris<\/a><\/div>\n<\/div>\n<\/div><figure class=\"wp-block-media-text__media\"><img loading=\"lazy\" decoding=\"async\" width=\"835\" height=\"1024\" src=\"https:\/\/cvestavayer.ch\/wp-content\/uploads\/2023\/07\/C3L-835x1024.jpeg\" alt=\"\" class=\"wp-image-45387 size-full\" srcset=\"https:\/\/cvestavayer.ch\/wp-content\/uploads\/2023\/07\/C3L-835x1024.jpeg 835w, https:\/\/cvestavayer.ch\/wp-content\/uploads\/2023\/07\/C3L-245x300.jpeg 245w, https:\/\/cvestavayer.ch\/wp-content\/uploads\/2023\/07\/C3L-768x941.jpeg 768w, https:\/\/cvestavayer.ch\/wp-content\/uploads\/2023\/07\/C3L.jpeg 1253w\" sizes=\"auto, (max-width: 835px) 100vw, 835px\" \/><\/figure><\/div>\n\n\n\n<hr class=\"wp-block-separator has-alpha-channel-opacity is-style-wide\"\/>\n\n\n\n<h2 class=\"wp-block-heading has-light-gray-background-color has-background\">Les Vrais 100 Milles 2026 \/ 22-24 mai 2026<\/h2>\n\n\n\n<div class=\"wp-block-media-text has-media-on-the-right is-stacked-on-mobile\"><div class=\"wp-block-media-text__content\">\n<div class=\"wp-block-buttons alignfull is-layout-flex wp-block-buttons-is-layout-flex\">\n<div class=\"wp-block-button\"><a class=\"wp-block-button__link wp-element-button\" href=\"https:\/\/docs.google.com\/spreadsheets\/d\/e\/2PACX-1vQhpX7usH_O9vDbDNvqGZ_mMB1XkxImUzLZ9DgY0a2un-NAwSFvcJxpwbWrRXEQzQ\/pubhtml?gid=185510473&amp;single=true\" target=\"_blank\" rel=\"noreferrer noopener\">Plan de travail<\/a><\/div>\n<\/div>\n\n\n\n<hr class=\"wp-block-separator has-alpha-channel-opacity is-style-wide\"\/>\n\n\n\n<div class=\"wp-block-buttons is-layout-flex wp-block-buttons-is-layout-flex\">\n<div class=\"wp-block-button popmake-46590\"><a class=\"wp-block-button__link wp-element-button\">Je m&rsquo;inscris<\/a><\/div>\n<\/div>\n<\/div><figure class=\"wp-block-media-text__media\"><img loading=\"lazy\" decoding=\"async\" width=\"571\" height=\"571\" src=\"https:\/\/cvestavayer.ch\/wp-content\/uploads\/2025\/03\/100M-carre.jpg\" alt=\"\" class=\"wp-image-46247 size-full\" srcset=\"https:\/\/cvestavayer.ch\/wp-content\/uploads\/2025\/03\/100M-carre.jpg 571w, https:\/\/cvestavayer.ch\/wp-content\/uploads\/2025\/03\/100M-carre-300x300.jpg 300w, https:\/\/cvestavayer.ch\/wp-content\/uploads\/2025\/03\/100M-carre-150x150.jpg 150w\" sizes=\"auto, (max-width: 571px) 100vw, 571px\" \/><\/figure><\/div>\n\n\n\n<hr class=\"wp-block-separator has-alpha-channel-opacity is-style-wide\"\/>\n\n\n\n<h2 class=\"wp-block-heading has-light-gray-background-color has-background\">F\u00eate du Port \/ 8 ao\u00fbt 2026<\/h2>\n\n\n\n<div class=\"wp-block-media-text has-media-on-the-right is-stacked-on-mobile\"><div class=\"wp-block-media-text__content\">\n<div class=\"wp-block-buttons is-layout-flex wp-block-buttons-is-layout-flex\">\n<div class=\"wp-block-button\"><a class=\"wp-block-button__link wp-element-button\" href=\"https:\/\/docs.google.com\/spreadsheets\/d\/e\/2PACX-1vQhpX7usH_O9vDbDNvqGZ_mMB1XkxImUzLZ9DgY0a2un-NAwSFvcJxpwbWrRXEQzQ\/pubhtml?gid=37777967&amp;single=true\" target=\"_blank\" rel=\"noreferrer noopener\">Plan de travail<\/a><\/div>\n<\/div>\n\n\n\n<hr class=\"wp-block-separator has-alpha-channel-opacity is-style-wide\"\/>\n\n\n\n<div class=\"wp-block-buttons is-layout-flex wp-block-buttons-is-layout-flex\">\n<div class=\"wp-block-button popmake-46595\"><a class=\"wp-block-button__link wp-element-button\">Je m&rsquo;inscris<\/a><\/div>\n<\/div>\n<\/div><figure class=\"wp-block-media-text__media\"><img loading=\"lazy\" decoding=\"async\" width=\"500\" height=\"500\" src=\"https:\/\/cvestavayer.ch\/wp-content\/uploads\/2025\/03\/FDP-carre.jpg\" alt=\"\" class=\"wp-image-46249 size-full\" srcset=\"https:\/\/cvestavayer.ch\/wp-content\/uploads\/2025\/03\/FDP-carre.jpg 500w, https:\/\/cvestavayer.ch\/wp-content\/uploads\/2025\/03\/FDP-carre-300x300.jpg 300w, https:\/\/cvestavayer.ch\/wp-content\/uploads\/2025\/03\/FDP-carre-150x150.jpg 150w\" sizes=\"auto, (max-width: 500px) 100vw, 500px\" \/><\/figure><\/div>\n\n\n\n<hr class=\"wp-block-separator has-alpha-channel-opacity is-style-wide\"\/>\n\n\n\n<h2 class=\"wp-block-heading has-light-gray-background-color has-background\">Championnat Suisse J\/70 \/ 27-30 ao\u00fbt 2026<\/h2>\n\n\n\n<div class=\"wp-block-media-text has-media-on-the-right is-stacked-on-mobile\"><div class=\"wp-block-media-text__content\">\n<div class=\"wp-block-buttons is-layout-flex wp-block-buttons-is-layout-flex\">\n<div class=\"wp-block-button\"><a class=\"wp-block-button__link wp-element-button\" href=\"https:\/\/docs.google.com\/spreadsheets\/d\/e\/2PACX-1vQhpX7usH_O9vDbDNvqGZ_mMB1XkxImUzLZ9DgY0a2un-NAwSFvcJxpwbWrRXEQzQ\/pubhtml?gid=2038821469&amp;single=true\" target=\"_blank\" rel=\"noreferrer noopener\">Plan de travail<\/a><\/div>\n<\/div>\n\n\n\n<hr class=\"wp-block-separator has-alpha-channel-opacity is-style-wide\"\/>\n\n\n\n<div class=\"wp-block-buttons is-layout-flex wp-block-buttons-is-layout-flex\">\n<div class=\"wp-block-button popmake-46602\"><a class=\"wp-block-button__link wp-element-button\">Je m&rsquo;inscris<\/a><\/div>\n<\/div>\n<\/div><figure class=\"wp-block-media-text__media\"><img loading=\"lazy\" decoding=\"async\" width=\"1020\" height=\"1024\" src=\"https:\/\/cvestavayer.ch\/wp-content\/uploads\/2025\/03\/SSL-carre-1020x1024.jpg\" alt=\"\" class=\"wp-image-46246 size-full\" srcset=\"https:\/\/cvestavayer.ch\/wp-content\/uploads\/2025\/03\/SSL-carre-1020x1024.jpg 1020w, https:\/\/cvestavayer.ch\/wp-content\/uploads\/2025\/03\/SSL-carre-300x300.jpg 300w, https:\/\/cvestavayer.ch\/wp-content\/uploads\/2025\/03\/SSL-carre-150x150.jpg 150w, https:\/\/cvestavayer.ch\/wp-content\/uploads\/2025\/03\/SSL-carre-768x771.jpg 768w, https:\/\/cvestavayer.ch\/wp-content\/uploads\/2025\/03\/SSL-carre.jpg 1195w\" sizes=\"auto, (max-width: 1020px) 100vw, 1020px\" \/><\/figure><\/div>\n\n\n\n<hr class=\"wp-block-separator has-alpha-channel-opacity is-style-wide\"\/>\n","protected":false},"excerpt":{"rendered":"<p>Vous souhaitez vous inscrire comme b\u00e9n\u00e9vole pour une manifestation du CVE? Cette page a \u00e9t\u00e9 cr\u00e9\u00e9e pour vous! Acc\u00e9dez au plan de travail actualis\u00e9 et faites part de vos disponibilit\u00e9s <a class=\"more-link\" href=\"https:\/\/cvestavayer.ch\/fr\/club\/benevoles\/\">Continuer la lecture &rarr;<\/a><\/p>\n","protected":false},"author":1,"featured_media":0,"parent":103,"menu_order":0,"comment_status":"closed","ping_status":"closed","template":"","meta":{"_monsterinsights_skip_tracking":false,"_monsterinsights_sitenote_active":false,"_monsterinsights_sitenote_note":"","_monsterinsights_sitenote_category":0,"_EventAllDay":false,"_EventTimezone":"","_EventStartDate":"","_EventEndDate":"","_EventStartDateUTC":"","_EventEndDateUTC":"","_EventShowMap":false,"_EventShowMapLink":false,"_EventURL":"","_EventCost":"","_EventCostDescription":"","_EventCurrencySymbol":"","_EventCurrencyCode":"","_EventCurrencyPosition":"","_EventDateTimeSeparator":"","_EventTimeRangeSeparator":"","_EventOrganizerID":[],"_EventVenueID":[],"_OrganizerEmail":"","_OrganizerPhone":"","_OrganizerWebsite":"","_VenueAddress":"","_VenueCity":"","_VenueCountry":"","_VenueProvince":"","_VenueState":"","_VenueZip":"","_VenuePhone":"","_VenueURL":"","_VenueStateProvince":"","_VenueLat":"","_VenueLng":"","_VenueShowMap":false,"_VenueShowMapLink":false,"footnotes":""},"class_list":["post-44952","page","type-page","status-publish","hentry"],"yoast_head":"<!-- This site is optimized with the Yoast SEO plugin v27.5 - https:\/\/yoast.com\/product\/yoast-seo-wordpress\/ -->\n<title>B\u00e9n\u00e9voles CVE - Cercle de la Voile d&#039;Estavayer<\/title>\n<meta name=\"robots\" content=\"index, follow, max-snippet:-1, max-image-preview:large, max-video-preview:-1\" \/>\n<link rel=\"canonical\" href=\"https:\/\/cvestavayer.ch\/fr\/club\/benevoles\/\" \/>\n<meta property=\"og:locale\" content=\"fr_FR\" \/>\n<meta property=\"og:type\" content=\"article\" \/>\n<meta property=\"og:title\" content=\"B\u00e9n\u00e9voles CVE - Cercle de la Voile d&#039;Estavayer\" \/>\n<meta property=\"og:description\" content=\"Vous souhaitez vous inscrire comme b\u00e9n\u00e9vole pour une manifestation du CVE? Cette page a \u00e9t\u00e9 cr\u00e9\u00e9e pour vous! Acc\u00e9dez au plan de travail actualis\u00e9 et faites part de vos disponibilit\u00e9s Continuer la lecture &rarr;\" \/>\n<meta property=\"og:url\" content=\"https:\/\/cvestavayer.ch\/fr\/club\/benevoles\/\" \/>\n<meta property=\"og:site_name\" content=\"Cercle de la Voile d&#039;Estavayer\" \/>\n<meta property=\"article:modified_time\" content=\"2026-01-05T20:00:42+00:00\" \/>\n<meta property=\"og:image\" content=\"https:\/\/cvestavayer.ch\/wp-content\/uploads\/2023\/07\/C3L.jpeg\" \/>\n\t<meta property=\"og:image:width\" content=\"1253\" \/>\n\t<meta property=\"og:image:height\" content=\"1536\" \/>\n\t<meta property=\"og:image:type\" content=\"image\/jpeg\" \/>\n<meta name=\"twitter:card\" content=\"summary_large_image\" \/>\n<meta name=\"twitter:label1\" content=\"Dur\u00e9e de lecture estim\u00e9e\" \/>\n\t<meta name=\"twitter:data1\" content=\"1 minute\" \/>\n<script type=\"application\/ld+json\" class=\"yoast-schema-graph\">{\"@context\":\"https:\\\/\\\/schema.org\",\"@graph\":[{\"@type\":\"WebPage\",\"@id\":\"https:\\\/\\\/cvestavayer.ch\\\/fr\\\/club\\\/benevoles\\\/\",\"url\":\"https:\\\/\\\/cvestavayer.ch\\\/fr\\\/club\\\/benevoles\\\/\",\"name\":\"B\u00e9n\u00e9voles CVE - Cercle de la Voile d&#039;Estavayer\",\"isPartOf\":{\"@id\":\"https:\\\/\\\/cvestavayer.ch\\\/fr\\\/#website\"},\"primaryImageOfPage\":{\"@id\":\"https:\\\/\\\/cvestavayer.ch\\\/fr\\\/club\\\/benevoles\\\/#primaryimage\"},\"image\":{\"@id\":\"https:\\\/\\\/cvestavayer.ch\\\/fr\\\/club\\\/benevoles\\\/#primaryimage\"},\"thumbnailUrl\":\"https:\\\/\\\/cvestavayer.ch\\\/wp-content\\\/uploads\\\/2023\\\/07\\\/C3L-835x1024.jpeg\",\"datePublished\":\"2018-03-30T20:05:00+00:00\",\"dateModified\":\"2026-01-05T20:00:42+00:00\",\"breadcrumb\":{\"@id\":\"https:\\\/\\\/cvestavayer.ch\\\/fr\\\/club\\\/benevoles\\\/#breadcrumb\"},\"inLanguage\":\"fr-FR\",\"potentialAction\":[{\"@type\":\"ReadAction\",\"target\":[\"https:\\\/\\\/cvestavayer.ch\\\/fr\\\/club\\\/benevoles\\\/\"]}]},{\"@type\":\"ImageObject\",\"inLanguage\":\"fr-FR\",\"@id\":\"https:\\\/\\\/cvestavayer.ch\\\/fr\\\/club\\\/benevoles\\\/#primaryimage\",\"url\":\"https:\\\/\\\/cvestavayer.ch\\\/wp-content\\\/uploads\\\/2023\\\/07\\\/C3L-835x1024.jpeg\",\"contentUrl\":\"https:\\\/\\\/cvestavayer.ch\\\/wp-content\\\/uploads\\\/2023\\\/07\\\/C3L-835x1024.jpeg\"},{\"@type\":\"BreadcrumbList\",\"@id\":\"https:\\\/\\\/cvestavayer.ch\\\/fr\\\/club\\\/benevoles\\\/#breadcrumb\",\"itemListElement\":[{\"@type\":\"ListItem\",\"position\":1,\"name\":\"Accueil\",\"item\":\"https:\\\/\\\/cvestavayer.ch\\\/fr\\\/\"},{\"@type\":\"ListItem\",\"position\":2,\"name\":\"Club\",\"item\":\"https:\\\/\\\/cvestavayer.ch\\\/fr\\\/club\\\/\"},{\"@type\":\"ListItem\",\"position\":3,\"name\":\"B\u00e9n\u00e9voles CVE\"}]},{\"@type\":\"WebSite\",\"@id\":\"https:\\\/\\\/cvestavayer.ch\\\/fr\\\/#website\",\"url\":\"https:\\\/\\\/cvestavayer.ch\\\/fr\\\/\",\"name\":\"Cercle de la Voile d&#039;Estavayer\",\"description\":\"\",\"potentialAction\":[{\"@type\":\"SearchAction\",\"target\":{\"@type\":\"EntryPoint\",\"urlTemplate\":\"https:\\\/\\\/cvestavayer.ch\\\/fr\\\/?s={search_term_string}\"},\"query-input\":{\"@type\":\"PropertyValueSpecification\",\"valueRequired\":true,\"valueName\":\"search_term_string\"}}],\"inLanguage\":\"fr-FR\"}]}<\/script>\n<!-- \/ Yoast SEO plugin. -->","yoast_head_json":{"title":"B\u00e9n\u00e9voles CVE - Cercle de la Voile d&#039;Estavayer","robots":{"index":"index","follow":"follow","max-snippet":"max-snippet:-1","max-image-preview":"max-image-preview:large","max-video-preview":"max-video-preview:-1"},"canonical":"https:\/\/cvestavayer.ch\/fr\/club\/benevoles\/","og_locale":"fr_FR","og_type":"article","og_title":"B\u00e9n\u00e9voles CVE - Cercle de la Voile d&#039;Estavayer","og_description":"Vous souhaitez vous inscrire comme b\u00e9n\u00e9vole pour une manifestation du CVE? Cette page a \u00e9t\u00e9 cr\u00e9\u00e9e pour vous! Acc\u00e9dez au plan de travail actualis\u00e9 et faites part de vos disponibilit\u00e9s Continuer la lecture &rarr;","og_url":"https:\/\/cvestavayer.ch\/fr\/club\/benevoles\/","og_site_name":"Cercle de la Voile d&#039;Estavayer","article_modified_time":"2026-01-05T20:00:42+00:00","og_image":[{"width":1253,"height":1536,"url":"https:\/\/cvestavayer.ch\/wp-content\/uploads\/2023\/07\/C3L.jpeg","type":"image\/jpeg"}],"twitter_card":"summary_large_image","twitter_misc":{"Dur\u00e9e de lecture estim\u00e9e":"1 minute"},"schema":{"@context":"https:\/\/schema.org","@graph":[{"@type":"WebPage","@id":"https:\/\/cvestavayer.ch\/fr\/club\/benevoles\/","url":"https:\/\/cvestavayer.ch\/fr\/club\/benevoles\/","name":"B\u00e9n\u00e9voles CVE - Cercle de la Voile d&#039;Estavayer","isPartOf":{"@id":"https:\/\/cvestavayer.ch\/fr\/#website"},"primaryImageOfPage":{"@id":"https:\/\/cvestavayer.ch\/fr\/club\/benevoles\/#primaryimage"},"image":{"@id":"https:\/\/cvestavayer.ch\/fr\/club\/benevoles\/#primaryimage"},"thumbnailUrl":"https:\/\/cvestavayer.ch\/wp-content\/uploads\/2023\/07\/C3L-835x1024.jpeg","datePublished":"2018-03-30T20:05:00+00:00","dateModified":"2026-01-05T20:00:42+00:00","breadcrumb":{"@id":"https:\/\/cvestavayer.ch\/fr\/club\/benevoles\/#breadcrumb"},"inLanguage":"fr-FR","potentialAction":[{"@type":"ReadAction","target":["https:\/\/cvestavayer.ch\/fr\/club\/benevoles\/"]}]},{"@type":"ImageObject","inLanguage":"fr-FR","@id":"https:\/\/cvestavayer.ch\/fr\/club\/benevoles\/#primaryimage","url":"https:\/\/cvestavayer.ch\/wp-content\/uploads\/2023\/07\/C3L-835x1024.jpeg","contentUrl":"https:\/\/cvestavayer.ch\/wp-content\/uploads\/2023\/07\/C3L-835x1024.jpeg"},{"@type":"BreadcrumbList","@id":"https:\/\/cvestavayer.ch\/fr\/club\/benevoles\/#breadcrumb","itemListElement":[{"@type":"ListItem","position":1,"name":"Accueil","item":"https:\/\/cvestavayer.ch\/fr\/"},{"@type":"ListItem","position":2,"name":"Club","item":"https:\/\/cvestavayer.ch\/fr\/club\/"},{"@type":"ListItem","position":3,"name":"B\u00e9n\u00e9voles CVE"}]},{"@type":"WebSite","@id":"https:\/\/cvestavayer.ch\/fr\/#website","url":"https:\/\/cvestavayer.ch\/fr\/","name":"Cercle de la Voile d&#039;Estavayer","description":"","potentialAction":[{"@type":"SearchAction","target":{"@type":"EntryPoint","urlTemplate":"https:\/\/cvestavayer.ch\/fr\/?s={search_term_string}"},"query-input":{"@type":"PropertyValueSpecification","valueRequired":true,"valueName":"search_term_string"}}],"inLanguage":"fr-FR"}]}},"_links":{"self":[{"href":"https:\/\/cvestavayer.ch\/fr\/wp-json\/wp\/v2\/pages\/44952","targetHints":{"allow":["GET"]}}],"collection":[{"href":"https:\/\/cvestavayer.ch\/fr\/wp-json\/wp\/v2\/pages"}],"about":[{"href":"https:\/\/cvestavayer.ch\/fr\/wp-json\/wp\/v2\/types\/page"}],"author":[{"embeddable":true,"href":"https:\/\/cvestavayer.ch\/fr\/wp-json\/wp\/v2\/users\/1"}],"replies":[{"embeddable":true,"href":"https:\/\/cvestavayer.ch\/fr\/wp-json\/wp\/v2\/comments?post=44952"}],"version-history":[{"count":140,"href":"https:\/\/cvestavayer.ch\/fr\/wp-json\/wp\/v2\/pages\/44952\/revisions"}],"predecessor-version":[{"id":46721,"href":"https:\/\/cvestavayer.ch\/fr\/wp-json\/wp\/v2\/pages\/44952\/revisions\/46721"}],"up":[{"embeddable":true,"href":"https:\/\/cvestavayer.ch\/fr\/wp-json\/wp\/v2\/pages\/103"}],"wp:attachment":[{"href":"https:\/\/cvestavayer.ch\/fr\/wp-json\/wp\/v2\/media?parent=44952"}],"curies":[{"name":"wp","href":"https:\/\/api.w.org\/{rel}","templated":true}]}}